{"version":"1.0","provider_name":"Dina vil\u00e1ga","provider_url":"https:\/\/dinavilaga.cafeblog.hu","author_name":"Dina","author_url":"https:\/\/dinavilaga.cafeblog.hu\/author\/edina-kalocsaigmail-com\/","title":"Coca-cola torta","html":"<div dir=\"ltr\"><div><a href=\"https:\/\/dinavilaga.cafeblog.hu\/files\/2013\/10\/k\u00f3la3.jpg\"><img border=\"0\" src=\"https:\/\/dinavilaga.cafeblog.hu\/files\/2013\/10\/k\u00f3la3.jpg\" height=\"640\" width=\"480\"><\/a><\/div><div><\/div><br><div>A \"Ne csak egy\u00fcnk, igyunk is!\" rovatunk els\u0151 j\u00e1t\u00e9kosa ez a kre\u00e1lm\u00e1ny, Anik\u00f3 fej\u00e9b\u0151l pattant ki az \u00f6tlet, hogy ezt val\u00f3s\u00edtsam meg kedves k\u00f3laf\u00fcgg\u0151 bar\u00e1tn\u0151je sz\u00fclinapj\u00e1ra. :)\u00a0<\/div><div><br><\/div><div>Feladta a leck\u00e9t rendesen, sokat molyoltam rajta, hogyan is oldjam meg. T\u00f6bb megold\u00e1s is tal\u00e1lhat\u00f3 az interneten, de hol f\u00farni-faragni kellett volna, m\u00e1sutt meg alapvet\u0151 karamelltud\u00e1s is j\u00f3l j\u00f6nne, teh\u00e1t id\u0151 \u00e9s kell\u0151 tapasztalat h\u00edj\u00e1n az egyszer\u0171bb megold\u00e1st v\u00e1lasztottam. Kital\u00e1lhat\u00f3, hogy egy p\u00e1lca tartja a dobozt. :)<\/div><div><br><\/div><div>A folyad\u00e9k megjelen\u00edt\u00e9se m\u00e1r egy m\u00e1sik zaklatott fejt\u00f6r\u00e9ssel p\u00e1rosul\u00f3 probl\u00e9ma, f\u0151leg a sz\u00edne, azt\u00e1n v\u00e9g\u00fcl \u00fagy d\u00f6nt\u00f6ttem, neki\u00e1llok, lesz, ami lesz, majd \u00fat k\u00f6zben alakul. S l\u0151n.<\/div><div><br><\/div><div>A tiramisu \u00edzben t\u00f6lt\u00f6tt tort\u00e1t bevontam, a lees\u0151 v\u00f6r\u00f6s darabokat kev\u00e9s lil\u00e1val \u00e9s kaka\u00f3porral \u00e1tgy\u00fartam, pr\u00f3b\u00e1ltam el\u00e9rni a k\u00f3lasz\u00ednt - fogjuk r\u00e1, nagyj\u00e1b\u00f3l siker\u00fclt. Benedves\u00edtett k\u00e9zzel pakoltam fel a darabokat \u00e9s gy\u0171rtem bel\u0151l\u00fck apr\u00f3 hull\u00e1mokat. Eleinte j\u00f3l is festett, a v\u00e1rakoz\u00e1s viszont azt eredm\u00e9nyezte, hogy a marcip\u00e1n a vizezett r\u00e9szeken kisz\u00e1radva egyr\u00e9szt elvesztette csillog\u00e1s\u00e1t, m\u00e1sr\u00e9szt a sz\u00edne is fakult kicsit, \u00edgy \u00fajabb fejt\u00f6r\u00e9st okozott. V\u00e9g\u00fcl f\u0151ztem egy er\u0151s te\u00e1t, amibe picuri k\u00e9k \u00e9telfest\u00e9k is ker\u00fclt, majd tortazsel\u00e9vel megfogattam, ezt pepecseltem fel az ital r\u00e9szeire. Na, \u00edgy m\u00e1r elfogadhat\u00f3bb lett. Nem, nem vagyok el\u00e9gedett, de m\u00e1r v\u00e1llalhat\u00f3nak tartom.\u00a0<\/div><div><br><\/div><div><a href=\"https:\/\/dinavilaga.cafeblog.hu\/files\/2013\/10\/k\u00f3la2.jpg\"><img border=\"0\" src=\"https:\/\/dinavilaga.cafeblog.hu\/files\/2013\/10\/k\u00f3la2.jpg\" height=\"640\" width=\"480\"><\/a><\/div><div><br><\/div>K\u00e9s\u0151bb jutott eszembe az apr\u00f3 bubor\u00e9kok hi\u00e1nya, \u00e9s n\u00e9mi j\u00e9gkocka is j\u00f3l esne, ha lenne, egy\u00e9bk\u00e9nt fogalmam nincs, mib\u0151l \u00e9s hogyan, de az\u00e9rt j\u00f3 lenne. :D Az \u00fcnnepelt viszont nagyon \u00f6r\u00fclt neki, \u00e9s a visszajelz\u00e9s szerint mindenkinek \u00edzlett, sz\u00f3val a l\u00e9nyeg megvan, \u00e9n meg \u00fajra tanultam valamit. :))<br>Boldogs\u00e1gos Sz\u00fclinapot! :) <br><br><div><a href=\"https:\/\/dinavilaga.cafeblog.hu\/files\/2013\/10\/1381616_614605558602653_881273181_n.jpg\"><img border=\"0\" src=\"https:\/\/dinavilaga.cafeblog.hu\/files\/2013\/10\/1381616_614605558602653_881273181_n.jpg\" height=\"300\" width=\"400\"><\/a><\/div><br><br><\/div>","type":"rich"}