{"version":"1.0","provider_name":"Dina vil\u00e1ga","provider_url":"https:\/\/dinavilaga.cafeblog.hu","author_name":"Dina","author_url":"https:\/\/dinavilaga.cafeblog.hu\/author\/edina-kalocsaigmail-com\/","title":"Tom \u00e9s Jerry torta","html":"<div dir=\"ltr\">Egy nagyon kedves bar\u00e1tom, M\u00e1rcius h\u00edvott fel nemr\u00e9g. \u00d6r\u00fcl\u00f6k a h\u00edv\u00e1sainak, mert t\u00e9nyleg nagyon b\u00edrom a sr\u00e1cot, kedves, intelligens, mindig mosolyg\u00f3s figura, ak\u00e1rh\u00e1nyszor besz\u00e9l\u00fcnk, picit kis\u00fct a nap. :)<br><br>Mivel liszt\u00e9rz\u00e9keny, szigor\u00faan glut\u00e9nmentes alapanyagokb\u00f3l k\u00e9sz\u00fclhet csak s\u00fctem\u00e9ny, ha \u0151 is szeretn\u00e9 megk\u00f3stolni. V\u00e9gtelen el\u0151z\u00e9kenys\u00e9g\u00e9re tesz bizonys\u00e1got az is, hogy \"csak az\u00e9rt\", mert neki k\u00fcl\u00f6nleges k\u00edv\u00e1ns\u00e1ga van, nekem ne kelljen k\u00fcl\u00f6n v\u00e1s\u00e1rolnom, hozott egy kil\u00f3 speci\u00e1lis, nagyon j\u00f3 min\u0151s\u00e9g\u0171 glut\u00e9nmentes lisztet, minden tiltakoz\u00e1som ellen\u00e9re. Mintha nekem baromi neh\u00e9z lenne leemelnem a bolt polc\u00e1r\u00f3l! :D Dr\u00e1ga M\u00e1rcius, ez\u00faton is \u00fczenem, hogy nekem abszol\u00fat nem f\u00e1radts\u00e1g k\u00fcl\u00f6nleges s\u00fctem\u00e9nyt k\u00e9sz\u00edtenem r\u00e9szedre! M\u00e9g akkor sem, ha nem mindegy, mi ker\u00fcl bele! :))<br><br>Na sz\u00f3val.<br><br>Sz\u00fclinapra vitte a tort\u00e1t, a k\u00e9r\u00e9se csak annyi volt, hogy a Tom &amp; Jerry mes\u00e9hez kapcsol\u00f3djon, teljesen r\u00e1m b\u00edzta a dolgot. Azt m\u00e1r tudom, hogy glut\u00e9nmentes pisk\u00f3t\u00e1t faragni nem egyszer\u0171, \u00edgy maradtam a k\u00f6r alakn\u00e1l.<br><br>Keresg\u00e9ltem egy rak\u00e1s fot\u00f3t a neten a rajzfilm log\u00f3j\u00e1r\u00f3l, azt alak\u00edtottam kicsit \u00e1t.\u00a0 Jerrynek csak a pofija l\u00e1tszik, az viszont nagyobb lehetett \u00edgy, \u00e9s a felirat is \u00e1talakult alkalomhoz ill\u0151en.<br><br><div><a href=\"http:\/\/2.bp.blogspot.com\/-cr74j4aZ8ag\/UJk2Exs9p8I\/AAAAAAAAB1M\/c_oOil71WkE\/s1600\/20121026_006.jpg\"><img border=\"0\" height=\"480\" src=\"https:\/\/dinavilaga.cafeblog.hu\/files\/2012\/11\/20121026_006.jpg\" width=\"640\"><\/a><\/div><br>A tort\u00e1t feh\u00e9rrel burkoltam, \u00e9telfest\u00e9kkel festettem a h\u00e1tteret, \u00e9s k\u00fcl\u00f6n marcip\u00e1nlapokra ping\u00e1ltam a k\u00e9t fejet. Borzalmasan adja vissza a g\u00e9p a sz\u00edneket, a d\u00e9lut\u00e1ni felh\u0151s, ablak melletti f\u00e9ny jobbr\u00f3l-fentr\u0151l, \u00e9s l\u00e1mpaf\u00e9ny balr\u00f3l, azt hiszem ez nem j\u00f3 p\u00e1ros\u00edt\u00e1s. De a l\u00e9nyeg l\u00e1tszik. :)<\/div>","type":"rich"}