{"version":"1.0","provider_name":"Dina vil\u00e1ga","provider_url":"https:\/\/dinavilaga.cafeblog.hu","author_name":"Dina","author_url":"https:\/\/dinavilaga.cafeblog.hu\/author\/edina-kalocsaigmail-com\/","title":"A kulcsi K-klinika","html":"<div dir=\"ltr\"><div><a href=\"http:\/\/3.bp.blogspot.com\/-ifNo36A6QTA\/UJJZt9vwj1I\/AAAAAAAABxo\/_pYEbLiNKrg\/s1600\/F%C3%A9nyk%C3%A9p0627.jpg\"><img border=\"0\" height=\"480\" src=\"https:\/\/dinavilaga.cafeblog.hu\/files\/2012\/11\/F\u00e9nyk\u00e9p0627.jpg\" width=\"640\"><\/a><\/div><br>Megtisztel\u0151 felk\u00e9r\u00e9st kaptam, m\u00e9ghozz\u00e1 a k\u00f6zel\u00fcnkben, Kulcson l\u00e9v\u0151 K-klinika egyik nyugd\u00edjas b\u00facs\u00faztat\u00f3j\u00e1ra kellett elk\u00e9sz\u00edtenem az \u00e9p\u00fcletet, 40 szeletes m\u00e9retben. Az \u00edzt r\u00e1m b\u00edzt\u00e1k, amikor megpend\u00edtettem, hogy mi jutott eszembe, azonnal b\u00f3lintottak.<br><br>Az els\u0151 k\u00e9pr\u0151l r\u00f6gt\u00f6n ki is der\u00fcl, milyen finoms\u00e1gokkal volt tele. :)<br><br>Csokis t\u00e9szt\u00e1t s\u00fct\u00f6ttem, k\u00e9t darab 20 szeletes t\u00e9glalap alak\u00fat. F\u0151ztem van\u00edli\u00e1s-tejsz\u00ednes kr\u00e9met, erre halmoztam k\u00e9tf\u00e9le k\u00f6rt\u00e9t, az egyik egy vajpuha l\u00e9d\u00fas t\u00e9lik\u00f6rte volt, a m\u00e1sik pedig harsog\u00f3bb, azt kiss\u00e9 megp\u00e1roltam citromos fah\u00e9jas g\u0151zben, azaz nem tettem al\u00e1 vizet, csak nagyon alacsony l\u00e1ngon hagytam p\u00e1rol\u00f3dni.<br><br>Ezt pedig egy s\u0171r\u0171, tejsz\u00ednes karamellkr\u00e9m cs\u00edkozza. \u00c9n im\u00e1dom ezt a kombin\u00e1ci\u00f3t, \u00e9s a visszajelz\u00e9sek szerint mindenkinek nagyon \u00edzlett, ami nagy megk\u00f6nnyebb\u00fcl\u00e9s! :))<br><br><div><a href=\"http:\/\/4.bp.blogspot.com\/-k8RmGVlbyHg\/UJJbq2WhWxI\/AAAAAAAABxw\/hekNmpQOlig\/s1600\/20121018_005.jpg\"><img border=\"0\" height=\"464\" src=\"https:\/\/dinavilaga.cafeblog.hu\/files\/2012\/11\/20121018_005.jpg\" width=\"640\"><\/a><\/div><br><br>A torta \u00fagy alakult, hogy az als\u00f3 szint egy szimpla h\u00e1rom t\u00e9szta-k\u00e9t t\u00f6ltel\u00e9k torta, abba kis p\u00e1lc\u00e1k, r\u00e1 bevont kartonlap. F\u00f6l\u00e9 a m\u00e1sodik szint, ami egyben a tet\u0151 is, k\u00f6zben kialak\u00edtva az erk\u00e9ly, ami nem kicsi fejt\u00f6r\u00e9st okozott els\u0151re.<br><br>K\u00fcl\u00f6n-k\u00fcl\u00f6n burkoltam \u00e9s mint\u00e1ztam, azt\u00e1n rim\u00e1nkod\u00e1s k\u00f6zepette cs\u00fasztattam r\u00e1 a tet\u0151t a z alapra.<br><br>\u00a0Egy eg\u00e9sz d\u00e9lel\u0151tt\u00f6m volt a kialak\u00edt\u00e1sra, \u00edgy azt\u00e1n nem lett olyan szinten kidolgozott, mint szerettem volna, j\u00f3 lett volna keret az ablakokra, bevonat az oszlopokra, jobban ki kellett volna dolgozni a tet\u0151 sz\u00e9l\u00e9t, sz\u00f3val tudtam volna m\u00e9g rajta vagy 4-5 \u00f3r\u00e1t pepecselni, de nem volt r\u00e1 lehet\u0151s\u00e9gem. De az\u00e9rt elfogyott \u00e1m! :))<br><br><div><a href=\"http:\/\/3.bp.blogspot.com\/-lrv2wMzXh0w\/UJJdIPok9LI\/AAAAAAAABx4\/v5S0aAn9zlk\/s1600\/kulcsikklinika.jpg\"><img border=\"0\" height=\"480\" src=\"https:\/\/dinavilaga.cafeblog.hu\/files\/2012\/11\/kulcsikklinika.jpg\" width=\"640\"><\/a><\/div><br>Ez a fot\u00f3 volt a minta, az\u00e9rt a jellegzetess\u00e9get siker\u00fclt elkapnom azt hiszem. Vagyis rem\u00e9lem. :)<\/div>","type":"rich"}