{"version":"1.0","provider_name":"Dina vil\u00e1ga","provider_url":"https:\/\/dinavilaga.cafeblog.hu","author_name":"Dina","author_url":"https:\/\/dinavilaga.cafeblog.hu\/author\/edina-kalocsaigmail-com\/","title":"Fradi","html":"<div dir=\"ltr\">\u00a0 \u00a0 Gyerekkori bar\u00e1tn\u0151m bepasizott. Nem kicsit szerelmesek, nagyon j\u00f3 l\u00e1tni a ragyog\u00e1st az arcukon! :))<br><br>\u00a0 \u00a0 \u00a0Vit\u00e9z uram elk\u00f6telezett Fradi drukker, sz\u00fclinapj\u00e1ra a t\u00e9ma teh\u00e1t adott volt. M\u00e1r csak az volt a k\u00e9rd\u00e9s, hogy p\u00e1lya, labda, p\u00e1lya labd\u00e1val, vagy c\u00edmer. Az ut\u00f3bbi mellett d\u00f6nt\u00f6tt bar\u00e1tn\u0151m, \u00edzben pedig a k\u00f3kuszt v\u00e1lasztottuk, mert az mindenkinek favorit. Viszont nem szeretik a marcip\u00e1nt, sem semmilyen bevon\u00f3massz\u00e1t, \u00edgy csak egy levehet\u0151 k\u00f6rlap k\u00e9sz\u00fclt marcib\u00f3l. A k\u00f3kusznak meg k\u00fcl\u00f6n \u00f6r\u00fcltem, \u00edgy lehetett f\u00fcves a torta. (Nem, nem s\u00fct\u00f6ttem bele semmilyen hangulatfokoz\u00f3 z\u00f6ldf\u0171szert, csak a kin\u00e9zet\u00e9re gondolok! :) )<br><br>\u00a0 \u00a0 \u00a0 \u00a0 Prec\u00edz sablon n\u00e9lk\u00fcl viszont nem \u00e9rdemes neki\u00e1llni, \u00e9s m\u00e9g \u00edgy is, millim\u00e9terekre megtervezve is ad\u00f3dnak bakik. Pl. az als\u00f3 pici c\u00edmer k\u00f6z\u00e9pen. Elfelejtettem. Megcsin\u00e1ltam a k\u00f6rlapot, a k\u00fcls\u0151 z\u00f6ld k\u00f6rt, a cs\u00edkokat, a bels\u0151 k\u00f6rt \u00e9s az azt f\u00e9lbekanyar\u00edt\u00f3 bels\u0151 vonalakat, \u00e9s amikor m\u00e1r feliratozni szerettem volna l\u00e1ttam meg, hogy az als\u00f3 picurka bizony kil\u00f3g a k\u00fcls\u0151 k\u00f6r\u00f6n. Remek. A marcip\u00e1nk\u00edgy\u00f3 tal\u00e1lkoz\u00e1sa nem k\u00f6z\u00e9pre esett, de m\u00e1r nem volt mit tenni, k\u00f6z\u00e9pr\u0151l kiv\u00e1gtam egy kicsi peremet, \u00e9s odabiggyesztettem a m\u00fcty\u00fcrt. De tal\u00e1n egy ekkora baki belef\u00e9r.<br><br><div><\/div><div><a href=\"http:\/\/2.bp.blogspot.com\/-f9YJa5NZJw8\/T2HsHeyfYbI\/AAAAAAAAAx4\/n8ogKqLqABo\/s1600\/F%C3%A9nyk%C3%A9p0297.jpg\"><img border=\"0\" height=\"480\" src=\"https:\/\/dinavilaga.cafeblog.hu\/files\/2012\/01\/F\u00e9nyk\u00e9p0297.jpg\" width=\"640\"><\/a><\/div><br><div><a href=\"http:\/\/2.bp.blogspot.com\/-kXiBYtmdEcY\/T2HsICDb2gI\/AAAAAAAAAyA\/-cxrxsIdgl0\/s1600\/F%C3%A9nyk%C3%A9p0298.jpg\"><img border=\"0\" height=\"480\" src=\"https:\/\/dinavilaga.cafeblog.hu\/files\/2012\/01\/F\u00e9nyk\u00e9p0298.jpg\" width=\"640\"><\/a><\/div><br><div><\/div><br><br>Sz\u00e9p nagy torta lett, telis-tele fincsi k\u00f3kuszkr\u00e9mmel. Egy tipp: miel\u0151tt f\u0151ztem volna a kr\u00e9met, a 10 dek\u00e1nyi k\u00f3kuszreszel\u00e9ket kb. 2 dl tejben \u00e1ztattam egy p\u00e1r \u00f3r\u00e1t, \u00edgy felpuhult a k\u00f3kusz, besz\u00edvta az \u00f6sszes tejet, ezt f\u0151ztem fel k\u00e9s\u0151bb a t\u00f6bbi alapanyaggal. Sokkal kellemesebb, nem olyan karcos, teltebb k\u00f3kusz \u00edz\u0171 a kr\u00e9m.<\/div>","type":"rich"}