{"version":"1.0","provider_name":"Dina vil\u00e1ga","provider_url":"https:\/\/dinavilaga.cafeblog.hu","author_name":"Dina","author_url":"https:\/\/dinavilaga.cafeblog.hu\/author\/edina-kalocsaigmail-com\/","title":"A gyerk\u0151c\u00f6k","html":"<div><a href=\"http:\/\/4.bp.blogspot.com\/-MQ4tIdzYecI\/TnjGU9IoV8I\/AAAAAAAAABA\/2O2UWXoSHVU\/s1600\/F%25C3%25A9nyk%25C3%25A9p0269.jpg\"><img border=\"0\" height=\"400\" src=\"https:\/\/dinavilaga.cafeblog.hu\/files\/2011\/09\/F%C3%A9nyk%C3%A9p0269.jpg\" width=\"300\"><\/a><\/div><br>\u0150 az, aki elind\u00edtott ezen az \u00faton, Lili nagyl\u00e1nyom sz\u00fclet\u00e9sekor hat\u00e1roztam el, hogy minden \u00e9vben megpr\u00f3b\u00e1lok kitenni magam\u00e9rt, hogy mosolyogni l\u00e1ssam. :))<br>Azt\u00e1n seg\u00edts\u00e9ge \u00e9rkezett:<br><div><a href=\"http:\/\/1.bp.blogspot.com\/-0WHfqhgXfhs\/TnjG1lzqdKI\/AAAAAAAAABE\/lcEWRBZ8AfU\/s1600\/F%25C3%25A9nyk%25C3%25A9p0512.jpg\"><img border=\"0\" height=\"400\" src=\"https:\/\/dinavilaga.cafeblog.hu\/files\/2011\/09\/F%C3%A9nyk%C3%A9p0512.jpg\" width=\"300\"><\/a><\/div>Bendeg\u00faz is nagy inspir\u00e1ci\u00f3, mikor k\u00f6zelednek a sz\u00fclinapok! :D \u00a0Noh\u00e1t, n\u00e9lk\u00fcl\u00fck nem lenne most ez a blog sem, \u0151k ny\u00faztak folyton, hogy ugyan \u00e1lljak m\u00e1r neki! :)<br>M\u00e9g csak ismerkedek a blogol\u00e1s fort\u00e9lyaival, majd kis\u00fcl, mi lesz bel\u0151le...","type":"rich"}